{"id":3980,"date":"2017-10-29T16:46:50","date_gmt":"2017-10-29T15:46:50","guid":{"rendered":"https:\/\/linares.salesianos.edu\/colegio\/?page_id=3980"},"modified":"2017-12-01T20:09:25","modified_gmt":"2017-12-01T19:09:25","slug":"celebraciones","status":"publish","type":"page","link":"https:\/\/linares.salesianos.edu\/colegio\/pastoral\/comisiones\/celebraciones\/","title":{"rendered":"Celebraciones"},"content":{"rendered":"<div id=\"fb-root\"><\/div>\n<p>[et_pb_section bb_built=\u00bb1&#8243; fullwidth=\u00bbon\u00bb _builder_version=\u00bb3.0.47&#8243;][et_pb_fullwidth_header title=\u00bbCelebraciones\u00bb title_font_color=\u00bb#ffffff\u00bb module_class=\u00bbpagina-imagen-cabecera\u00bb _builder_version=\u00bb3.0.86&#8243; title_font_size=\u00bb40px\u00bb background_image=\u00bbhttp:\/\/malaga.salesianos.edu\/wp-content\/uploads\/2017\/02\/Foto-de-portad_sin_letras.png\u00bb background_url=\u00bbhttp:\/\/malaga.salesianos.edu\/wp-content\/uploads\/2017\/02\/Foto-de-portad_sin_letras.png\u00bb title_text_color=\u00bb#ffffff\u00bb text_orientation=\u00bbleft\u00bb header_fullscreen=\u00bboff\u00bb header_scroll_down=\u00bboff\u00bb image_orientation=\u00bbcenter\u00bb background_layout=\u00bblight\u00bb content_orientation=\u00bbcenter\u00bb custom_button_one=\u00bboff\u00bb button_one_icon_placement=\u00bbright\u00bb custom_button_two=\u00bboff\u00bb button_two_icon_placement=\u00bbright\u00bb max_width_tablet=\u00bb50px\u00bb \/][\/et_pb_section][et_pb_section bb_built=\u00bb1&#8243;][et_pb_row][et_pb_column type=\u00bb4_4&#8243;][et_pb_text _builder_version=\u00bb3.0.89&#8243; background_layout=\u00bblight\u00bb]<\/p>\n<p><strong>COMISI\u00d3N DE CELEBRACIONES\u00a0\u00bb Mis amigos ser\u00e1n Jes\u00fas y Mar\u00eda \u00ab<\/strong><\/p>\n<p>Convencidos de la necesidad de celebrar nuestra<strong>\u00a0fe en comunidad<\/strong>, compartiremos los siguientes momentos juntos:<\/p>\n<p>&#8211; Celebraci\u00f3n a\u00a0<strong>D. Bosco<\/strong>\u00a0(d\u00eda 31) y a\u00a0<strong>M\u00aa Auxiliadora\u00a0<\/strong>(24 de cada mes).<br \/>\n&#8211;\u00a0<strong>Triduo de D. Bosco<\/strong>\u00a0y la<strong>\u00a0Novena de M\u00aa Auxiliadora<\/strong>\u00a0(tardes en la parroquia).<br \/>\n&#8211; Celebraci\u00f3n de\u00a0<strong>Santos Salesianos<\/strong>:<br \/>\n&#8211; Laura Vicu\u00f1a (Buenos d\u00edas ordinarios del d\u00eda 23).<br \/>\n&#8211; San Fco. De Sales (24 de enero, se tendr\u00e1 presente y se pedir\u00e1 su intercesi\u00f3n en la celebraci\u00f3n donde se conmemora a M\u00aa Auxiliadora).<br \/>\n&#8211; Domingo Savio (Buenos d\u00edas ordinarios del 5 de mayo \/ ambientaci\u00f3n en las entradas del Colegio y reparto de un tr\u00edptico con datos y actividades-concurso del Santo).<br \/>\n&#8211; El\u00a0<strong>C\u00edrculo misionero\u00a0<\/strong>se celebrar\u00e1 desde el 11 de noviembre al 11 de mayo, los 11 de cada mes que sean lectivos o el d\u00eda m\u00e1s pr\u00f3ximo a \u00e9ste. Esta actividad est\u00e1 dirigida a los alumnos de 4\u00ba de E. P y animada por D. Andr\u00e9s Zambrana y D. Antonio Fenoy. El 11 de junio se har\u00e1 la\u00a0<strong>celebraci\u00f3n de paso al Movimiento Cristo Vive.<\/strong><br \/>\n&#8211;\u00a0<strong>Convivencias Cuaresmales y Pascuales<\/strong>\u00a0(Equipo de Pastoral)<br \/>\n&#8211;\u00a0<strong>Celebraci\u00f3n del perd\u00f3n y confesiones<\/strong>\u00a0(Adviento y Cuaresma)<br \/>\n&#8211; Participaci\u00f3n en la\u00a0<strong>Eucarist\u00eda dominical<\/strong>\u00a0(11.30 h). Una vez al mes la animaremos.<\/p>\n<p>Celebraciones 1er. Trimestre: Inicio de curso( 22 de septiembre )<br \/>\nCelebraciones misioneras por aula ( Octubre )<br \/>\nOraci\u00f3n megaf\u00f3nica y actividad de aula 24 act, nov y 31 de oct ( Conmemorando a M\u00aa Auxiliadora y recordando a D. Bosco )<br \/>\n10 Nov.- Inicio C\u00edrculo misionero ( 4\u00ba E.P )<br \/>\nDel 4 al 14 de dic.- Celebraciones de la reconciliaci\u00f3n\/ perd\u00f3n por aulas.<\/p>\n<p>[\/et_pb_text][\/et_pb_column][\/et_pb_row][\/et_pb_section]<\/p>\n","protected":false},"excerpt":{"rendered":"<p><div class=\"et_pb_row et_pb_row_0 et_pb_row_empty\">\n\t\t\t\t\n\t\t\t\t\n\t\t\t\t\n\t\t\t\t\n\t\t\t\t\n\t\t\t<\/div> COMISI\u00d3N DE CELEBRACIONES\u00a0\u00bb Mis amigos ser\u00e1n Jes\u00fas y Mar\u00eda \u00bb Convencidos de la necesidad de celebrar nuestra\u00a0fe en comunidad, compartiremos los siguientes momentos juntos: &#8211; Celebraci\u00f3n a\u00a0D. Bosco\u00a0(d\u00eda 31) y a\u00a0M\u00aa Auxiliadora\u00a0(24 de cada mes). &#8211;\u00a0Triduo de D. Bosco\u00a0y la\u00a0Novena de M\u00aa Auxiliadora\u00a0(tardes en la parroquia). &#8211; Celebraci\u00f3n de\u00a0Santos Salesianos: &#8211; Laura Vicu\u00f1a (Buenos [&hellip;]<\/p>\n","protected":false},"author":3,"featured_media":0,"parent":4761,"menu_order":3,"comment_status":"closed","ping_status":"closed","template":"","meta":{"_et_pb_use_builder":"on","_et_pb_old_content":"<p><strong>COMISI\u00d3N DE CELEBRACIONES<\/strong><\/p><p>Convencidos de la necesidad de celebrar nuestra<strong>\u00a0fe en comunidad<\/strong>, compartiremos los siguientes momentos juntos:<\/p><p>- Celebraci\u00f3n a\u00a0<strong>D. Bosco<\/strong>\u00a0(d\u00eda 31) y a\u00a0<strong>M\u00aa Auxiliadora\u00a0<\/strong>(24 de cada mes).<br \/> -\u00a0<strong>Triduo de D. Bosco<\/strong>\u00a0y la<strong>\u00a0Novena de M\u00aa Auxiliadora<\/strong>\u00a0(tardes en la parroquia).<br \/> - Celebraci\u00f3n de\u00a0<strong>Santos Salesianos<\/strong>:<br \/> - Laura Vicu\u00f1a (Buenos d\u00edas ordinarios del d\u00eda 23).<br \/> - San Fco. De Sales (24 de enero, se tendr\u00e1 presente y se pedir\u00e1 su intercesi\u00f3n en la celebraci\u00f3n donde se conmemora a M\u00aa Auxiliadora).<br \/> - Domingo Savio (Buenos d\u00edas ordinarios del 5 de mayo \/ ambientaci\u00f3n en las entradas del Colegio y reparto de un tr\u00edptico con datos y actividades-concurso del Santo).<br \/> - El\u00a0<strong>C\u00edrculo misionero\u00a0<\/strong>se celebrar\u00e1 desde el 11 de noviembre al 11 de mayo, los 11 de cada mes que sean lectivos o el d\u00eda m\u00e1s pr\u00f3ximo a \u00e9ste. Esta actividad est\u00e1 dirigida a los alumnos de 4\u00ba de E. P y animada por D. Andr\u00e9s Zambrana y D. Antonio Fenoy. El 11 de junio se har\u00e1 la\u00a0<strong>celebraci\u00f3n de paso al Movimiento Cristo Vive.<\/strong><br \/> -\u00a0<strong>Convivencias Cuaresmales y Pascuales<\/strong>\u00a0(Equipo de Pastoral)<br \/> -\u00a0<strong>Celebraci\u00f3n del perd\u00f3n y confesiones<\/strong>\u00a0(Adviento y Cuaresma)<br \/> - Participaci\u00f3n en la\u00a0<strong>Eucarist\u00eda dominical<\/strong>\u00a0(11.30 h). Una vez al mes la animaremos.<\/p>","_et_gb_content_width":"","footnotes":""},"class_list":["post-3980","page","type-page","status-publish","hentry"],"yoast_head":"<!-- This site is optimized with the Yoast SEO plugin v28.4 - https:\/\/yoast.com\/product\/yoast-seo-wordpress\/ -->\n<title>Celebraciones - Colegio<\/title>\n<meta name=\"robots\" content=\"index, follow, max-snippet:-1, max-image-preview:large, max-video-preview:-1\" \/>\n<link rel=\"canonical\" href=\"https:\/\/linares.salesianos.edu\/colegio\/pastoral\/comisiones\/celebraciones\/\" \/>\n<meta property=\"og:locale\" content=\"es_ES\" \/>\n<meta property=\"og:type\" content=\"article\" \/>\n<meta property=\"og:title\" content=\"Celebraciones - Colegio\" \/>\n<meta property=\"og:description\" content=\"COMISI\u00d3N DE CELEBRACIONES\u00a0&quot; Mis amigos ser\u00e1n Jes\u00fas y Mar\u00eda &quot; Convencidos de la necesidad de celebrar nuestra\u00a0fe en comunidad, compartiremos los siguientes momentos juntos: - Celebraci\u00f3n a\u00a0D. Bosco\u00a0(d\u00eda 31) y a\u00a0M\u00aa Auxiliadora\u00a0(24 de cada mes). -\u00a0Triduo de D. Bosco\u00a0y la\u00a0Novena de M\u00aa Auxiliadora\u00a0(tardes en la parroquia). - Celebraci\u00f3n de\u00a0Santos Salesianos: - Laura Vicu\u00f1a (Buenos [&hellip;]\" \/>\n<meta property=\"og:url\" content=\"https:\/\/linares.salesianos.edu\/colegio\/pastoral\/comisiones\/celebraciones\/\" \/>\n<meta property=\"og:site_name\" content=\"Colegio\" \/>\n<meta property=\"article:modified_time\" content=\"2017-12-01T19:09:25+00:00\" \/>\n<meta name=\"twitter:card\" content=\"summary_large_image\" \/>\n<meta name=\"twitter:label1\" content=\"Tiempo de lectura\" \/>\n\t<meta name=\"twitter:data1\" content=\"2 minutos\" \/>\n<script type=\"application\/ld+json\" class=\"yoast-schema-graph\">{\"@context\":\"https:\\\/\\\/schema.org\",\"@graph\":[{\"@type\":\"WebPage\",\"@id\":\"https:\\\/\\\/linares.salesianos.edu\\\/colegio\\\/pastoral\\\/comisiones\\\/celebraciones\\\/\",\"url\":\"https:\\\/\\\/linares.salesianos.edu\\\/colegio\\\/pastoral\\\/comisiones\\\/celebraciones\\\/\",\"name\":\"Celebraciones - Colegio\",\"isPartOf\":{\"@id\":\"https:\\\/\\\/linares.salesianos.edu\\\/colegio\\\/#website\"},\"datePublished\":\"2017-10-29T15:46:50+00:00\",\"dateModified\":\"2017-12-01T19:09:25+00:00\",\"breadcrumb\":{\"@id\":\"https:\\\/\\\/linares.salesianos.edu\\\/colegio\\\/pastoral\\\/comisiones\\\/celebraciones\\\/#breadcrumb\"},\"inLanguage\":\"es\",\"potentialAction\":[{\"@type\":\"ReadAction\",\"target\":[\"https:\\\/\\\/linares.salesianos.edu\\\/colegio\\\/pastoral\\\/comisiones\\\/celebraciones\\\/\"]}]},{\"@type\":\"BreadcrumbList\",\"@id\":\"https:\\\/\\\/linares.salesianos.edu\\\/colegio\\\/pastoral\\\/comisiones\\\/celebraciones\\\/#breadcrumb\",\"itemListElement\":[{\"@type\":\"ListItem\",\"position\":1,\"name\":\"Portada\",\"item\":\"https:\\\/\\\/linares.salesianos.edu\\\/colegio\\\/\"},{\"@type\":\"ListItem\",\"position\":2,\"name\":\"Pastoral\",\"item\":\"https:\\\/\\\/linares.salesianos.edu\\\/colegio\\\/pastoral\\\/\"},{\"@type\":\"ListItem\",\"position\":3,\"name\":\"Comisiones\",\"item\":\"https:\\\/\\\/linares.salesianos.edu\\\/colegio\\\/pastoral\\\/comisiones\\\/\"},{\"@type\":\"ListItem\",\"position\":4,\"name\":\"Celebraciones\"}]},{\"@type\":\"WebSite\",\"@id\":\"https:\\\/\\\/linares.salesianos.edu\\\/colegio\\\/#website\",\"url\":\"https:\\\/\\\/linares.salesianos.edu\\\/colegio\\\/\",\"name\":\"Colegio\",\"description\":\"P\u00e1gina oficial Salesianos Linares\",\"potentialAction\":[{\"@type\":\"SearchAction\",\"target\":{\"@type\":\"EntryPoint\",\"urlTemplate\":\"https:\\\/\\\/linares.salesianos.edu\\\/colegio\\\/?s={search_term_string}\"},\"query-input\":{\"@type\":\"PropertyValueSpecification\",\"valueRequired\":true,\"valueName\":\"search_term_string\"}}],\"inLanguage\":\"es\"}]}<\/script>\n<!-- \/ Yoast SEO plugin. -->","yoast_head_json":{"title":"Celebraciones - Colegio","robots":{"index":"index","follow":"follow","max-snippet":"max-snippet:-1","max-image-preview":"max-image-preview:large","max-video-preview":"max-video-preview:-1"},"canonical":"https:\/\/linares.salesianos.edu\/colegio\/pastoral\/comisiones\/celebraciones\/","og_locale":"es_ES","og_type":"article","og_title":"Celebraciones - Colegio","og_description":"COMISI\u00d3N DE CELEBRACIONES\u00a0\" Mis amigos ser\u00e1n Jes\u00fas y Mar\u00eda \" Convencidos de la necesidad de celebrar nuestra\u00a0fe en comunidad, compartiremos los siguientes momentos juntos: - Celebraci\u00f3n a\u00a0D. Bosco\u00a0(d\u00eda 31) y a\u00a0M\u00aa Auxiliadora\u00a0(24 de cada mes). -\u00a0Triduo de D. Bosco\u00a0y la\u00a0Novena de M\u00aa Auxiliadora\u00a0(tardes en la parroquia). - Celebraci\u00f3n de\u00a0Santos Salesianos: - Laura Vicu\u00f1a (Buenos [&hellip;]","og_url":"https:\/\/linares.salesianos.edu\/colegio\/pastoral\/comisiones\/celebraciones\/","og_site_name":"Colegio","article_modified_time":"2017-12-01T19:09:25+00:00","twitter_card":"summary_large_image","twitter_misc":{"Tiempo de lectura":"2 minutos"},"schema":{"@context":"https:\/\/schema.org","@graph":[{"@type":"WebPage","@id":"https:\/\/linares.salesianos.edu\/colegio\/pastoral\/comisiones\/celebraciones\/","url":"https:\/\/linares.salesianos.edu\/colegio\/pastoral\/comisiones\/celebraciones\/","name":"Celebraciones - Colegio","isPartOf":{"@id":"https:\/\/linares.salesianos.edu\/colegio\/#website"},"datePublished":"2017-10-29T15:46:50+00:00","dateModified":"2017-12-01T19:09:25+00:00","breadcrumb":{"@id":"https:\/\/linares.salesianos.edu\/colegio\/pastoral\/comisiones\/celebraciones\/#breadcrumb"},"inLanguage":"es","potentialAction":[{"@type":"ReadAction","target":["https:\/\/linares.salesianos.edu\/colegio\/pastoral\/comisiones\/celebraciones\/"]}]},{"@type":"BreadcrumbList","@id":"https:\/\/linares.salesianos.edu\/colegio\/pastoral\/comisiones\/celebraciones\/#breadcrumb","itemListElement":[{"@type":"ListItem","position":1,"name":"Portada","item":"https:\/\/linares.salesianos.edu\/colegio\/"},{"@type":"ListItem","position":2,"name":"Pastoral","item":"https:\/\/linares.salesianos.edu\/colegio\/pastoral\/"},{"@type":"ListItem","position":3,"name":"Comisiones","item":"https:\/\/linares.salesianos.edu\/colegio\/pastoral\/comisiones\/"},{"@type":"ListItem","position":4,"name":"Celebraciones"}]},{"@type":"WebSite","@id":"https:\/\/linares.salesianos.edu\/colegio\/#website","url":"https:\/\/linares.salesianos.edu\/colegio\/","name":"Colegio","description":"P\u00e1gina oficial Salesianos Linares","potentialAction":[{"@type":"SearchAction","target":{"@type":"EntryPoint","urlTemplate":"https:\/\/linares.salesianos.edu\/colegio\/?s={search_term_string}"},"query-input":{"@type":"PropertyValueSpecification","valueRequired":true,"valueName":"search_term_string"}}],"inLanguage":"es"}]}},"_links":{"self":[{"href":"https:\/\/linares.salesianos.edu\/colegio\/wp-json\/wp\/v2\/pages\/3980","targetHints":{"allow":["GET"]}}],"collection":[{"href":"https:\/\/linares.salesianos.edu\/colegio\/wp-json\/wp\/v2\/pages"}],"about":[{"href":"https:\/\/linares.salesianos.edu\/colegio\/wp-json\/wp\/v2\/types\/page"}],"author":[{"embeddable":true,"href":"https:\/\/linares.salesianos.edu\/colegio\/wp-json\/wp\/v2\/users\/3"}],"replies":[{"embeddable":true,"href":"https:\/\/linares.salesianos.edu\/colegio\/wp-json\/wp\/v2\/comments?post=3980"}],"version-history":[{"count":4,"href":"https:\/\/linares.salesianos.edu\/colegio\/wp-json\/wp\/v2\/pages\/3980\/revisions"}],"predecessor-version":[{"id":4891,"href":"https:\/\/linares.salesianos.edu\/colegio\/wp-json\/wp\/v2\/pages\/3980\/revisions\/4891"}],"up":[{"embeddable":true,"href":"https:\/\/linares.salesianos.edu\/colegio\/wp-json\/wp\/v2\/pages\/4761"}],"wp:attachment":[{"href":"https:\/\/linares.salesianos.edu\/colegio\/wp-json\/wp\/v2\/media?parent=3980"}],"curies":[{"name":"wp","href":"https:\/\/api.w.org\/{rel}","templated":true}]}}